{"id":317,"date":"2020-03-11T09:22:48","date_gmt":"2020-03-11T08:22:48","guid":{"rendered":"https:\/\/lejardindespapillons.myskydoowebsite.com\/?page_id=317"},"modified":"2020-09-23T15:19:36","modified_gmt":"2020-09-23T13:19:36","slug":"nous-rejoindre","status":"publish","type":"page","link":"https:\/\/lejardindespapillons.myskydoowebsite.com\/?page_id=317","title":{"rendered":"Notre programme"},"content":{"rendered":"\t\t<div data-elementor-type=\"wp-page\" data-elementor-id=\"317\" class=\"elementor elementor-317\">\n\t\t\t\t\t\t<section class=\"elementor-section elementor-top-section elementor-element elementor-element-a2a38bb elementor-section-height-min-height elementor-section-boxed elementor-section-height-default elementor-section-items-middle\" data-id=\"a2a38bb\" data-element_type=\"section\" data-e-type=\"section\">\n\t\t\t\t\t\t<div class=\"elementor-container elementor-column-gap-default\">\n\t\t\t\t\t<div class=\"elementor-column elementor-col-100 elementor-top-column elementor-element elementor-element-3ef413d\" data-id=\"3ef413d\" data-element_type=\"column\" data-e-type=\"column\">\n\t\t\t<div class=\"elementor-widget-wrap elementor-element-populated\">\n\t\t\t\t\t\t<div class=\"elementor-element elementor-element-3b7b804 elementor-widget elementor-widget-heading\" data-id=\"3b7b804\" data-element_type=\"widget\" data-e-type=\"widget\" data-widget_type=\"heading.default\">\n\t\t\t\t<div class=\"elementor-widget-container\">\n\t\t\t\t\t<h1 class=\"elementor-heading-title elementor-size-default\">Notre programme<\/h1>\t\t\t\t<\/div>\n\t\t\t\t<\/div>\n\t\t\t\t<div class=\"elementor-element elementor-element-e9e218c elementor-widget-divider--view-line elementor-widget elementor-widget-divider\" data-id=\"e9e218c\" data-element_type=\"widget\" data-e-type=\"widget\" data-widget_type=\"divider.default\">\n\t\t\t\t<div class=\"elementor-widget-container\">\n\t\t\t\t\t\t\t<div class=\"elementor-divider\">\n\t\t\t<span class=\"elementor-divider-separator\">\n\t\t\t\t\t\t<\/span>\n\t\t<\/div>\n\t\t\t\t\t\t<\/div>\n\t\t\t\t<\/div>\n\t\t\t\t<div class=\"elementor-element elementor-element-eacee53 elementor-widget elementor-widget-heading\" data-id=\"eacee53\" data-element_type=\"widget\" data-e-type=\"widget\" data-widget_type=\"heading.default\">\n\t\t\t\t<div class=\"elementor-widget-container\">\n\t\t\t\t\t<h2 class=\"elementor-heading-title elementor-size-default\">Le Jardin des Papillons propose \u00e0 chaque famille le choix d\u2019un forfait, avec un r\u00e8glement \u00e9tal\u00e9 sur les douze mois de l\u2019ann\u00e9e.\nLors de notre rencontre, nous vous proposons la formule correspondant \u00e0 vos besoins et imp\u00e9ratifs professionnels, et veillons \u00e0 \u00eatre souples avec vous sur les horaires et les jours de garde.\n<\/h2>\t\t\t\t<\/div>\n\t\t\t\t<\/div>\n\t\t\t\t<section class=\"elementor-section elementor-inner-section elementor-element elementor-element-6abfef9 elementor-section-boxed elementor-section-height-default elementor-section-height-default\" data-id=\"6abfef9\" data-element_type=\"section\" data-e-type=\"section\">\n\t\t\t\t\t\t<div class=\"elementor-container elementor-column-gap-default\">\n\t\t\t\t\t<div class=\"elementor-column elementor-col-33 elementor-inner-column elementor-element elementor-element-1756f7f\" data-id=\"1756f7f\" data-element_type=\"column\" data-e-type=\"column\">\n\t\t\t<div class=\"elementor-widget-wrap elementor-element-populated\">\n\t\t\t\t\t\t<div class=\"elementor-element elementor-element-d0a8079 elementor-widget elementor-widget-image\" data-id=\"d0a8079\" data-element_type=\"widget\" data-e-type=\"widget\" data-widget_type=\"image.default\">\n\t\t\t\t<div class=\"elementor-widget-container\">\n\t\t\t\t\t\t\t\t\t\t\t\t\t\t\t<img fetchpriority=\"high\" decoding=\"async\" width=\"1920\" height=\"1280\" src=\"https:\/\/lejardindespapillons.myskydoowebsite.com\/wp-content\/uploads\/AdobeStock_109707141.jpeg\" class=\"attachment-large size-large wp-image-272\" alt=\"Le Jardin des Papillons | Cr\u00e8che \u00e0 Quaregnon\" srcset=\"https:\/\/lejardindespapillons.myskydoowebsite.com\/wp-content\/uploads\/AdobeStock_109707141.jpeg 1920w, https:\/\/lejardindespapillons.myskydoowebsite.com\/wp-content\/uploads\/AdobeStock_109707141-768x512.jpeg 768w, https:\/\/lejardindespapillons.myskydoowebsite.com\/wp-content\/uploads\/AdobeStock_109707141-1536x1024.jpeg 1536w\" sizes=\"(max-width: 1920px) 100vw, 1920px\" title=\"|\">\t\t\t\t\t\t\t\t\t\t\t\t\t\t\t<\/div>\n\t\t\t\t<\/div>\n\t\t\t\t<div class=\"elementor-element elementor-element-f62fc9d elementor-widget elementor-widget-heading\" data-id=\"f62fc9d\" data-element_type=\"widget\" data-e-type=\"widget\" data-widget_type=\"heading.default\">\n\t\t\t\t<div class=\"elementor-widget-container\">\n\t\t\t\t\t<h2 class=\"elementor-heading-title elementor-size-default\">Nos offres comprennent :<\/h2>\t\t\t\t<\/div>\n\t\t\t\t<\/div>\n\t\t\t\t<div class=\"elementor-element elementor-element-4b295dd elementor-widget elementor-widget-text-editor\" data-id=\"4b295dd\" data-element_type=\"widget\" data-e-type=\"widget\" data-widget_type=\"text-editor.default\">\n\t\t\t\t<div class=\"elementor-widget-container\">\n\t\t\t\t\t\t\t\t\t<ul>\n<li>Trois repas par jour : d\u00e9jeuner, diner, go\u00fbter. Le lait infantile des premiers mois reste \u00e0 la charge des parents.<\/li>\n <li>Les produits d\u2019hygi\u00e8ne (except\u00e9 pour les changes)<\/li>\n<li>la literie<\/li>\n<li>le carnet de communication avec les familles<\/li>\n<\/ul>\t\t\t\t\t\t\t\t<\/div>\n\t\t\t\t<\/div>\n\t\t\t\t<div class=\"elementor-element elementor-element-536243f elementor-widget elementor-widget-text-editor\" data-id=\"536243f\" data-element_type=\"widget\" data-e-type=\"widget\" data-widget_type=\"text-editor.default\">\n\t\t\t\t<div class=\"elementor-widget-container\">\n\t\t\t\t\t\t\t\t\t<p>Nous encourageons les Mamans qui souhaitent poursuivre l\u2019allaitement malgr\u00e9 la reprise du travail. Nous proposons donc de conserver le lait maternel au frigo et\/ou au cong\u00e9lateur si celui-ci est fourni dans des pochettes st\u00e9riles et nominatives.<\/p><p>Nous leur r\u00e9servons \u00e9galement un espace cocooning si elles souhaitent allaiter sur place.<\/p>\t\t\t\t\t\t\t\t<\/div>\n\t\t\t\t<\/div>\n\t\t\t\t\t<\/div>\n\t\t<\/div>\n\t\t\t\t<div class=\"elementor-column elementor-col-33 elementor-inner-column elementor-element elementor-element-7972ee2\" data-id=\"7972ee2\" data-element_type=\"column\" data-e-type=\"column\">\n\t\t\t<div class=\"elementor-widget-wrap elementor-element-populated\">\n\t\t\t\t\t\t<div class=\"elementor-element elementor-element-d639a0d elementor-widget elementor-widget-image\" data-id=\"d639a0d\" data-element_type=\"widget\" data-e-type=\"widget\" data-widget_type=\"image.default\">\n\t\t\t\t<div class=\"elementor-widget-container\">\n\t\t\t\t\t\t\t\t\t\t\t\t\t\t\t<img decoding=\"async\" width=\"1920\" height=\"1280\" src=\"https:\/\/lejardindespapillons.myskydoowebsite.com\/wp-content\/uploads\/AdobeStock_243252868.jpeg\" class=\"attachment-large size-large wp-image-256\" alt=\"Le jardin des papillons\" srcset=\"https:\/\/lejardindespapillons.myskydoowebsite.com\/wp-content\/uploads\/AdobeStock_243252868.jpeg 1920w, https:\/\/lejardindespapillons.myskydoowebsite.com\/wp-content\/uploads\/AdobeStock_243252868-768x512.jpeg 768w, https:\/\/lejardindespapillons.myskydoowebsite.com\/wp-content\/uploads\/AdobeStock_243252868-1536x1024.jpeg 1536w\" sizes=\"(max-width: 1920px) 100vw, 1920px\" title=\"|\">\t\t\t\t\t\t\t\t\t\t\t\t\t\t\t<\/div>\n\t\t\t\t<\/div>\n\t\t\t\t<div class=\"elementor-element elementor-element-9e5a741 elementor-widget elementor-widget-heading\" data-id=\"9e5a741\" data-element_type=\"widget\" data-e-type=\"widget\" data-widget_type=\"heading.default\">\n\t\t\t\t<div class=\"elementor-widget-container\">\n\t\t\t\t\t<h2 class=\"elementor-heading-title elementor-size-default\">Programmes (ou forfaits) :<\/h2>\t\t\t\t<\/div>\n\t\t\t\t<\/div>\n\t\t\t\t<div class=\"elementor-element elementor-element-a17db92 elementor-widget elementor-widget-text-editor\" data-id=\"a17db92\" data-element_type=\"widget\" data-e-type=\"widget\" data-widget_type=\"text-editor.default\">\n\t\t\t\t<div class=\"elementor-widget-container\">\n\t\t\t\t\t\t\t\t\t<p>Chaque famille choisit pour l\u2019ann\u00e9e un forfait accueil, avec un r\u00e8glement mensuel :<\/p>\t\t\t\t\t\t\t\t<\/div>\n\t\t\t\t<\/div>\n\t\t\t\t<div class=\"elementor-element elementor-element-539f20d elementor-widget elementor-widget-text-editor\" data-id=\"539f20d\" data-element_type=\"widget\" data-e-type=\"widget\" data-widget_type=\"text-editor.default\">\n\t\t\t\t<div class=\"elementor-widget-container\">\n\t\t\t\t\t\t\t\t\t<ul><li>Deux jours par semaine entre 6H00 et 18H30: 350 euros\/mois<\/li><li>Trois jours par semaine entre 6H00 et 18H30: 390 euros\/mois<\/li><li>Quatre jours par semaine entre 6H00 et 18H30: 460 euros\/mois<\/li><li>Cinq jours par semaine entre 6H00 et 18H30: 540 euros\/mois<\/li><\/ul>\t\t\t\t\t\t\t\t<\/div>\n\t\t\t\t<\/div>\n\t\t\t\t<div class=\"elementor-element elementor-element-cbc8498 elementor-widget elementor-widget-text-editor\" data-id=\"cbc8498\" data-element_type=\"widget\" data-e-type=\"widget\" data-widget_type=\"text-editor.default\">\n\t\t\t\t<div class=\"elementor-widget-container\">\n\t\t\t\t\t\t\t\t\t<p>Les parents re\u00e7oivent un calendrier en d\u00e9but de mois.<\/p><p>\u00a0Ils peuvent ainsi changer les jours de pr\u00e9sence et les horaires. Le Jardin des Papillons offre cette souplesse aux familles.<\/p><p>Le prix ne varie pas avec l\u2019\u00e2ge.<\/p><p>Les frais accueil seront maintenus durant la fermeture de la structure, les jours f\u00e9ri\u00e9s, ainsi que les jours de formation. La tarification pourra \u00eatre revue chaque ann\u00e9e avec une augmentation maximum de 3% par an.<\/p>\t\t\t\t\t\t\t\t<\/div>\n\t\t\t\t<\/div>\n\t\t\t\t\t<\/div>\n\t\t<\/div>\n\t\t\t\t<div class=\"elementor-column elementor-col-33 elementor-inner-column elementor-element elementor-element-7e5d579\" data-id=\"7e5d579\" data-element_type=\"column\" data-e-type=\"column\">\n\t\t\t<div class=\"elementor-widget-wrap elementor-element-populated\">\n\t\t\t\t\t\t<div class=\"elementor-element elementor-element-9e6dd23 elementor-widget elementor-widget-image\" data-id=\"9e6dd23\" data-element_type=\"widget\" data-e-type=\"widget\" data-widget_type=\"image.default\">\n\t\t\t\t<div class=\"elementor-widget-container\">\n\t\t\t\t\t\t\t\t\t\t\t\t\t\t\t<img decoding=\"async\" width=\"1688\" height=\"1125\" src=\"https:\/\/lejardindespapillons.myskydoowebsite.com\/wp-content\/uploads\/Fotolia_100913997_M.jpg\" class=\"attachment-large size-large wp-image-273\" alt=\"|\" srcset=\"https:\/\/lejardindespapillons.myskydoowebsite.com\/wp-content\/uploads\/Fotolia_100913997_M.jpg 1688w, https:\/\/lejardindespapillons.myskydoowebsite.com\/wp-content\/uploads\/Fotolia_100913997_M-768x512.jpg 768w, https:\/\/lejardindespapillons.myskydoowebsite.com\/wp-content\/uploads\/Fotolia_100913997_M-1536x1024.jpg 1536w\" sizes=\"(max-width: 1688px) 100vw, 1688px\" title=\"|\">\t\t\t\t\t\t\t\t\t\t\t\t\t\t\t<\/div>\n\t\t\t\t<\/div>\n\t\t\t\t<div class=\"elementor-element elementor-element-1c5ffff elementor-widget elementor-widget-heading\" data-id=\"1c5ffff\" data-element_type=\"widget\" data-e-type=\"widget\" data-widget_type=\"heading.default\">\n\t\t\t\t<div class=\"elementor-widget-container\">\n\t\t\t\t\t<h2 class=\"elementor-heading-title elementor-size-default\">Nos qualifications :<\/h2>\t\t\t\t<\/div>\n\t\t\t\t<\/div>\n\t\t\t\t<div class=\"elementor-element elementor-element-5e6b37b elementor-widget elementor-widget-text-editor\" data-id=\"5e6b37b\" data-element_type=\"widget\" data-e-type=\"widget\" data-widget_type=\"text-editor.default\">\n\t\t\t\t<div class=\"elementor-widget-container\">\n\t\t\t\t\t\t\t\t\t<p>Une \u00e9quipe de trois professionnelles qualifi\u00e9es, soud\u00e9es et passionn\u00e9es sont au service des enfants:<\/p><p>La directrice de la cr\u00e8che, est dipl\u00f4m\u00e9e en pu\u00e9riculture. C\u2019est une professionnelle de la petite enfance. Elle a exerc\u00e9 dans des cr\u00e8ches priv\u00e9es avant d\u2019ouvrir sa propre structure en 2018.<br \/>Notre sous-directrice est assistante sociale de m\u00e9tier. Elle assure le suivi administratif de la cr\u00e8che et participe \u00e9galement aux activit\u00e9s des enfants. Elle suit des formations avec l\u2019ONE pour \u00eatre pu\u00e9ricultrice.<br \/>Notre pu\u00e9ricultrice est au Jardin des Papillons \u00e0 mi-temps. Elle vient pr\u00eater main forte pour les repas, les activit\u00e9s, les jeux.<\/p><p>Tout au long de l\u2019ann\u00e9e, l\u2019\u00e9quipe b\u00e9n\u00e9ficie de formations \u00e0 th\u00e8mes avec l\u2019ONE. Elles permettent d\u2019\u00e9changer, de progresser, et d\u00e9couvrir de nouvelle pistes.<br \/>Nous sommes agr\u00e9\u00e9s et contr\u00f4l\u00e9es par l\u2019ONE (Office de Naissance et de l\u2019Enfance), ainsi que par l\u2019AFSCA (Agence F\u00e9d\u00e9rale pour la S\u00e9curit\u00e9 de la Cha\u00eene Alimentaire). <br \/>L\u2019\u00e9quipe est form\u00e9e aux normes d\u2019hygi\u00e8ne et de s\u00e9curit\u00e9.<br \/>Les pompiers assurent \u00e9galement des contr\u00f4les s\u00e9curit\u00e9 incendie. Nous r\u00e9alisons avec les enfants des exercices d\u2019\u00e9vacuation.<\/p>\t\t\t\t\t\t\t\t<\/div>\n\t\t\t\t<\/div>\n\t\t\t\t\t<\/div>\n\t\t<\/div>\n\t\t\t\t\t<\/div>\n\t\t<\/section>\n\t\t\t\t\t<\/div>\n\t\t<\/div>\n\t\t\t\t\t<\/div>\n\t\t<\/section>\n\t\t\t\t<section class=\"elementor-section elementor-top-section elementor-element elementor-element-f9f5c42 elementor-section-boxed elementor-section-height-default elementor-section-height-default\" data-id=\"f9f5c42\" data-element_type=\"section\" data-e-type=\"section\" data-settings=\"{&quot;background_background&quot;:&quot;classic&quot;}\">\n\t\t\t\t\t\t<div class=\"elementor-container elementor-column-gap-default\">\n\t\t\t\t\t<div class=\"elementor-column elementor-col-100 elementor-top-column elementor-element elementor-element-cb24ba9\" data-id=\"cb24ba9\" data-element_type=\"column\" data-e-type=\"column\">\n\t\t\t<div class=\"elementor-widget-wrap elementor-element-populated\">\n\t\t\t\t\t\t<div class=\"elementor-element elementor-element-97770d9 elementor-widget elementor-widget-heading\" data-id=\"97770d9\" data-element_type=\"widget\" data-e-type=\"widget\" data-widget_type=\"heading.default\">\n\t\t\t\t<div class=\"elementor-widget-container\">\n\t\t\t\t\t<h2 class=\"elementor-heading-title elementor-size-default\">Nos enseignements<\/h2>\t\t\t\t<\/div>\n\t\t\t\t<\/div>\n\t\t\t\t<div class=\"elementor-element elementor-element-613b7a8 elementor-widget-divider--view-line elementor-widget elementor-widget-divider\" data-id=\"613b7a8\" data-element_type=\"widget\" data-e-type=\"widget\" data-widget_type=\"divider.default\">\n\t\t\t\t<div class=\"elementor-widget-container\">\n\t\t\t\t\t\t\t<div class=\"elementor-divider\">\n\t\t\t<span class=\"elementor-divider-separator\">\n\t\t\t\t\t\t<\/span>\n\t\t<\/div>\n\t\t\t\t\t\t<\/div>\n\t\t\t\t<\/div>\n\t\t\t\t<div class=\"elementor-element elementor-element-5bb72e1 elementor-widget elementor-widget-heading\" data-id=\"5bb72e1\" data-element_type=\"widget\" data-e-type=\"widget\" data-widget_type=\"heading.default\">\n\t\t\t\t<div class=\"elementor-widget-container\">\n\t\t\t\t\t<h3 class=\"elementor-heading-title elementor-size-default\">Notre p\u00e9dagogie est bienveillante et positive. C\u2019est au fil de nos stages, formations, rencontres, lectures, que l\u2019\u00e9quipe a \u00e9labor\u00e9 cette charte du \u201cJardin des Papillons\u201d\n<\/h3>\t\t\t\t<\/div>\n\t\t\t\t<\/div>\n\t\t\t\t<div class=\"elementor-element elementor-element-194baed elementor-widget elementor-widget-text-editor\" data-id=\"194baed\" data-element_type=\"widget\" data-e-type=\"widget\" data-widget_type=\"text-editor.default\">\n\t\t\t\t<div class=\"elementor-widget-container\">\n\t\t\t\t\t\t\t\t\t<p><u>Quelles sont nos valeurs au Jardin des Papillons?<\/u><br>Chaque enfant est unique et riche. Il doit avancer \u00e0 son rythme, en \u00e9tant valoris\u00e9, encourag\u00e9 et aim\u00e9.<\/p>\n<p><u>Apprendre \u00e0 vivre ensemble : <\/u><br>Les enfants \u00e9voluent dans un groupe unique, avec l\u2019apprentissage du respect et du partage. Avec 14 enfants dans la structure, les rapports deviennent familiaux et complices.<br>Les petits et les grands s\u2019\u00e9paulent, s\u2019imitent, s\u2019entraident.<br>Nous appelons cela une \u201corganisation horizontale \u201c<br>Nous restons vigilants pour ne pas laisser un enfant de c\u00f4t\u00e9. Nous prot\u00e9geons&nbsp; \u00e9galement la tranquillit\u00e9 et la vuln\u00e9rabilit\u00e9 des plus petits, avec un parc et des jeux adapt\u00e9s.<br>Les enfants d\u00e9veloppent ainsi facilement&nbsp; le partage et la sociabilisation.<\/p>\n<p><u>\u00c9coute<\/u>:<br>L\u2019\u00e9quipe est \u00e0 l\u2019\u00e9coute des enfants. Nous proposons sans imposer afin que l\u2019enfant se sente unique, prot\u00e9g\u00e9 et libre.<br>Nous lui apprenons au fil des temps \u00e0 comprendre ses \u00e9motions, \u00e0 les verbaliser et \u00e0 trouver des solutions \u00e0 ses probl\u00e8mes.<br>Notre petite structure permet ces contacts privil\u00e9gi\u00e9s avec chacun.<\/p>\n<p><u>Verbalisation <\/u>:<br>Nous stimulons chez les enfants le langage oral ou gestuel pour exprimer leurs besoins, leurs sentiments, ou raconteur une situation. C\u2019est une \u00e9tape importante pour chacun, une prise de conscience et un pas vers la sociabilisation.<\/p>\n<p><u>Spontan\u00e9it\u00e9<\/u> :<br>Notre mot d\u2019ordre est de ne pas imposer quelque chose \u00e0 l\u2019enfant. Notre petites structure nous permet d\u2019\u00eatre \u00e0 l\u2019\u00e9coute de chacun, d\u2019\u00eatre souple et adaptable.<\/p>\n<p>Nous respectons leur rythme de sommeil ou leur rythme alimentaire.<\/p>\n<p>L\u2019enfant est d\u00e9tendu, calme,&nbsp; et participe donc plus facilement aux activit\u00e9s de groupe .<\/p>\n<p><u>Quels sont les moyens mis en place pour cette p\u00e9dagogie?<\/u><br>Nous sommes aux c\u00f4t\u00e9s de chaque enfant.<\/p>\n<p>Nous disposons de jeux d\u2019\u00e9veil, d\u2019imitation, de motricit\u00e9 r\u00e9pondant aux normes de s\u00e9curit\u00e9 en vigueur.<\/p>\n<p>Nous laissons l\u2019enfant \u201cfaire des erreurs \u201c pour faire ses exp\u00e9riences sans se mettre en danger. Il s\u2019\u00e9panouit et grandit.<\/p>\n<p>Nous utilisons du mat\u00e9riel adapt\u00e9, \u00e0 la fois ludique et formateur.<\/p>\n<p>Nous encourageons la parole, par les pr\u00e9sentations le matin, des histoires et des contes.<\/p>\n<p>Nous chantons ensemble et pr\u00e9parons la venue future d\u2019une conteuse et musiciens.<\/p>\n<p>Les enfants d\u00e9veloppent leur motricit\u00e9 dans les activit\u00e9s de bricolage, de jardinage et de cuisine.<\/p>\n<p>Pour cr\u00e9er un lien fort avec les familles, nous avons deux f\u00eates de l\u2019ann\u00e9e avec les familles, qui sont des moments de joies et de partage.<\/p>\t\t\t\t\t\t\t\t<\/div>\n\t\t\t\t<\/div>\n\t\t\t\t\t<\/div>\n\t\t<\/div>\n\t\t\t\t\t<\/div>\n\t\t<\/section>\n\t\t\t\t<section class=\"elementor-section elementor-top-section elementor-element elementor-element-f24228d elementor-section-boxed elementor-section-height-default elementor-section-height-default\" data-id=\"f24228d\" data-element_type=\"section\" data-e-type=\"section\" data-settings=\"{&quot;background_background&quot;:&quot;classic&quot;}\">\n\t\t\t\t\t\t<div class=\"elementor-container elementor-column-gap-default\">\n\t\t\t\t\t<div class=\"elementor-column elementor-col-100 elementor-top-column elementor-element elementor-element-1976f4c\" data-id=\"1976f4c\" data-element_type=\"column\" data-e-type=\"column\">\n\t\t\t<div class=\"elementor-widget-wrap elementor-element-populated\">\n\t\t\t\t\t\t<div class=\"elementor-element elementor-element-c58aac5 elementor-widget elementor-widget-heading\" data-id=\"c58aac5\" data-element_type=\"widget\" data-e-type=\"widget\" data-widget_type=\"heading.default\">\n\t\t\t\t<div class=\"elementor-widget-container\">\n\t\t\t\t\t<h2 class=\"elementor-heading-title elementor-size-default\">Notre mission<\/h2>\t\t\t\t<\/div>\n\t\t\t\t<\/div>\n\t\t\t\t<div class=\"elementor-element elementor-element-e1967c7 elementor-widget-divider--view-line elementor-widget elementor-widget-divider\" data-id=\"e1967c7\" data-element_type=\"widget\" data-e-type=\"widget\" data-widget_type=\"divider.default\">\n\t\t\t\t<div class=\"elementor-widget-container\">\n\t\t\t\t\t\t\t<div class=\"elementor-divider\">\n\t\t\t<span class=\"elementor-divider-separator\">\n\t\t\t\t\t\t<\/span>\n\t\t<\/div>\n\t\t\t\t\t\t<\/div>\n\t\t\t\t<\/div>\n\t\t\t\t<div class=\"elementor-element elementor-element-6402868 elementor-widget elementor-widget-heading\" data-id=\"6402868\" data-element_type=\"widget\" data-e-type=\"widget\" data-widget_type=\"heading.default\">\n\t\t\t\t<div class=\"elementor-widget-container\">\n\t\t\t\t\t<h3 class=\"elementor-heading-title elementor-size-default\">Notre mission est de veiller sur vos enfants, de les faire grandir et s\u2019\u00e9panouir dans un cadre familial et chaleureux.<\/h3>\t\t\t\t<\/div>\n\t\t\t\t<\/div>\n\t\t\t\t<div class=\"elementor-element elementor-element-d506aca elementor-widget elementor-widget-text-editor\" data-id=\"d506aca\" data-element_type=\"widget\" data-e-type=\"widget\" data-widget_type=\"text-editor.default\">\n\t\t\t\t<div class=\"elementor-widget-container\">\n\t\t\t\t\t\t\t\t\t<p><u>Dans quel cadre sont accueillis les enfants du Jardin des Papillons?<\/u><\/p>\n<p>J\u2019ai voulu que ce lieu ressemble \u00e0 mes joies de l\u2019enfance ; c\u2019est pourquoi j\u2019ai r\u00e9alis\u00e9 l\u2019am\u00e9nagement et la transformation de ma maison de famille ! Le b\u00e2timent r\u00e9pond aux normes ONE, AFSCA ainsi&nbsp; qu\u2019aux exigences de s\u00e9curit\u00e9 incendie. L\u2019emplacement est id\u00e9al, dans un quartier r\u00e9sidentiel proche des axes routiers et des villes de Frameries, la Bouverie, Cuesmes, Jemappes\u2026<\/p>\n<p>La maison est int\u00e9gralement r\u00e9serv\u00e9e aux enfants; le rez de chauss\u00e9e est compos\u00e9 de deux grandes pi\u00e8ces de vie; les enfants y \u00e9voluent ensemble, partageant leurs jeux et leurs activit\u00e9s. Une zone est r\u00e9serv\u00e9e aux plus petits, d\u00e9limit\u00e9e par un parc. Une v\u00e9randa donne sur le grand jardin clos, \u00e0 l\u2019abri des regards. Dans le coin change, chaque enfant dispose de son bac.<\/p>\n<p>Le coin repas est \u00e9quip\u00e9 pour les enfants avec le mat\u00e9riel ad\u00e9quat. Nous pr\u00e9parons les menus chaque semaine et les repas dans notre cuisine ! Les l\u00e9gumes viennent de notre potager. Nous nous fournissons chez les producteurs et commer\u00e7ants de la commune, dans un esprit de solidarit\u00e9. Le lait et le beurre viennent de la ferme voisine. A l\u2019\u00e9tage, deux dortoirs sont \u00e0 la disposition des enfants. Chaque enfant peut s\u2019y reposer en toute tranquillit\u00e9, en fonction de son rythme et de ses habitudes. Un baby phone est branch\u00e9 pendant la sieste, pour une meilleure surveillance.<\/p>\n<p>Nous proposons aux enfants des jeux dans le jardin; nous disposons des couvertures pour les plus jeunes au moment du go\u00fbter :&nbsp; c\u2019est toujours un moment de joie ! Dans une volont\u00e9 de d\u00e9couverte et d\u2019amour de la nature, les plus grands participent \u00e0 l\u2019entretien du potager; bient\u00f4t les poules viendront apporter de bons \u0153ufs pour les repas des enfants ! Dans cet environnement, l\u2019enfant grandit, apprend, partage. Chaque journ\u00e9e est relat\u00e9e aux parents gr\u00e2ce au carnet de communication.<\/p>\n<p><strong>Que faisons nous?<\/strong><\/p>\n<p>La journ\u00e9e d\u2019un enfant au Jardin des Papillons est \u00e0 la fois libre et encadr\u00e9e. Nous y avons nos petits rituels que les enfants reconnaissent et recherchent. Nous alternons les moments de d\u00e9tente, de partage, d\u2019apprentissages, de repos. Nous veillons sur chaque enfant, et le laissons \u00e9voluer avec un maximum de libert\u00e9 et de spontan\u00e9it\u00e9.<\/p>\n<p><u>Comment se d\u00e9roule la journ\u00e9e de votre enfant?<\/u><\/p>\n<p>L\u2019accueil de chaque enfant est tr\u00e8s important. Nous r\u00e9unissons les enfants dans un coin cocooning pour se dire bonjour.<\/p>\n<p><u>La matin\u00e9e<\/u> est occup\u00e9e \u00e0 des activit\u00e9 communes ( jeux, bricolages, cuisine..) ou \u00e0 du repos pour les plus jeunes arriv\u00e9s sur les lieux d\u00e8s 6H00 du matin. De gros coussins sont install\u00e9s pour la lecture ou la d\u00e9tente.<\/p>\n<p><u>Le temps du repas<\/u> est un moment fort de la journ\u00e9e. Il est servi \u00e0 11H30, dans la pi\u00e8ce de vie am\u00e9nag\u00e9e pour accueillir les enfants autour des tables. Les menus sont \u00e9labor\u00e9s en d\u00e9but de semaine par l\u2019\u00e9quipe avec l\u2019aide du livre \u201cchouette, on passe \u00e0 table\u201d propos\u00e9 par l\u2019ONE. Tout est cuisin\u00e9 sur place, bio et local. Nous veillons \u00e0 respecter les contraintes religieuses et culturelles. On s\u2019adapte \u00e9galement aux allergies alimentaires. Nous faisons vivre les commer\u00e7ants et producteurs locaux en achetant dans la commune. Le lait et le beurre proviennent de la ferme. Les enfants prennent plaisir \u00e0 cuisine et d\u00e9guster les l\u00e9gumes du potager : c\u2019est ludique et instructif !<\/p>\n<p><u>Pendant la sieste<\/u>, les enfants sont r\u00e9partis dans des dortoirs. Nous veillons \u00e0 ce que les plus petits soient install\u00e9s au calme.&nbsp; Le rythme de chacun est respect\u00e9, sans contrainte! Il n\u2019y a pas d\u2019horaire pr\u00e9cis pour ne pas forcer l\u2018enfant. Un baby phone est branch\u00e9 dans les dortoirs pour une s\u00e9curit\u00e9 maximum. La Nature tient une grande place au Jardin des Papillons: nous sortons chaque jour, souvent l\u2019apr\u00e8s-midi, sauf en cas de pluie trop importante dans notre grand jardin s\u00e9curis\u00e9. Les enfants disposent de jeux ext\u00e9rieurs ; les plus jeunes sont install\u00e9s confortablement sur des couvertures. C\u2019est un moment de d\u00e9tente et de joie pour tous!<\/p>\n<p><u>A l\u2019heure du go\u00fbter<\/u>, vers 15H30, nous proposons un petit buffet pout les plus grands : fruits, produits laitiers, f\u00e9culents. Les plus jeunes ont un biberon de lait ou des compotes de fruits cuisin\u00e9es sur place. Pendant les soins, nous profitons de chaque enfant et le faisons participer d\u00e8s qu\u2019il le peut, afin de d\u00e9velopper son autonomie ( mettre ses affaires dans son bac \u2026). Les plus jeunes imitent les plus grands, et progressent avec fiert\u00e9 ! Nous communiquons avec les parents en fin de journ\u00e9e et notons dans un carnet de communication les \u00e9v\u00e9nements importants.<\/p>\t\t\t\t\t\t\t\t<\/div>\n\t\t\t\t<\/div>\n\t\t\t\t\t<\/div>\n\t\t<\/div>\n\t\t\t\t\t<\/div>\n\t\t<\/section>\n\t\t\t\t<section class=\"elementor-section elementor-top-section elementor-element elementor-element-d9d53ac elementor-section-full_width elementor-section-height-min-height elementor-section-content-middle elementor-section-height-default elementor-section-items-middle\" data-id=\"d9d53ac\" data-element_type=\"section\" data-e-type=\"section\" data-settings=\"{&quot;background_background&quot;:&quot;video&quot;,&quot;background_video_link&quot;:&quot;https:\\\/\\\/lejardindespapillons.myskydoowebsite.com\\\/wp-content\\\/uploads\\\/video-bg.mp4&quot;,&quot;background_play_on_mobile&quot;:&quot;yes&quot;}\">\n\t\t\t\t\t\t\t\t<div class=\"elementor-background-video-container\">\n\t\t\t\t\t\t\t\t\t\t\t\t\t<video class=\"elementor-background-video-hosted\" role=\"presentation\" autoplay muted playsinline loop><\/video>\n\t\t\t\t\t\t\t\t\t\t\t<\/div>\n\t\t\t\t\t\t\t\t<div class=\"elementor-container elementor-column-gap-default\">\n\t\t\t\t\t<div class=\"elementor-column elementor-col-100 elementor-top-column elementor-element elementor-element-d2c7a6b\" data-id=\"d2c7a6b\" data-element_type=\"column\" data-e-type=\"column\">\n\t\t\t<div class=\"elementor-widget-wrap elementor-element-populated\">\n\t\t\t\t\t\t<div class=\"elementor-element elementor-element-2ded844 elementor-widget elementor-widget-heading\" data-id=\"2ded844\" data-element_type=\"widget\" data-e-type=\"widget\" data-widget_type=\"heading.default\">\n\t\t\t\t<div class=\"elementor-widget-container\">\n\t\t\t\t\t<h2 class=\"elementor-heading-title elementor-size-default\">Des m\u00e9thodes<br> innovantes<\/h2>\t\t\t\t<\/div>\n\t\t\t\t<\/div>\n\t\t\t\t<div class=\"elementor-element elementor-element-affe78a elementor-widget-divider--view-line elementor-widget elementor-widget-divider\" data-id=\"affe78a\" data-element_type=\"widget\" data-e-type=\"widget\" data-widget_type=\"divider.default\">\n\t\t\t\t<div class=\"elementor-widget-container\">\n\t\t\t\t\t\t\t<div class=\"elementor-divider\">\n\t\t\t<span class=\"elementor-divider-separator\">\n\t\t\t\t\t\t<\/span>\n\t\t<\/div>\n\t\t\t\t\t\t<\/div>\n\t\t\t\t<\/div>\n\t\t\t\t<div class=\"elementor-element elementor-element-0276390 elementor-widget elementor-widget-text-editor\" data-id=\"0276390\" data-element_type=\"widget\" data-e-type=\"widget\" data-widget_type=\"text-editor.default\">\n\t\t\t\t<div class=\"elementor-widget-container\">\n\t\t\t\t\t\t\t\t\tNotre centre utilise les m\u00e9thodes d&rsquo;apprentissage les plus innovantes<br> qui soutiennent la cr\u00e9ativit\u00e9 et la recherche.\t\t\t\t\t\t\t\t<\/div>\n\t\t\t\t<\/div>\n\t\t\t\t<div class=\"elementor-element elementor-element-7466898 elementor-align-center elementor-widget__width-auto elementor-widget elementor-widget-button\" data-id=\"7466898\" data-element_type=\"widget\" data-e-type=\"widget\" data-widget_type=\"button.default\">\n\t\t\t\t<div class=\"elementor-widget-container\">\n\t\t\t\t\t\t\t\t\t<div class=\"elementor-button-wrapper\">\n\t\t\t\t\t<a class=\"elementor-button elementor-button-link elementor-size-md\" href=\"https:\/\/lejardindespapillons.myskydoowebsite.com\/contact\/\">\n\t\t\t\t\t\t<span class=\"elementor-button-content-wrapper\">\n\t\t\t\t\t\t\t\t\t<span class=\"elementor-button-text\">Contactez-nous<\/span>\n\t\t\t\t\t<\/span>\n\t\t\t\t\t<\/a>\n\t\t\t\t<\/div>\n\t\t\t\t\t\t\t\t<\/div>\n\t\t\t\t<\/div>\n\t\t\t\t\t<\/div>\n\t\t<\/div>\n\t\t\t\t\t<\/div>\n\t\t<\/section>\n\t\t\t\t<\/div>\n\t\t","protected":false},"excerpt":{"rendered":"<p>Notre programme Le Jardin des Papillons propose \u00e0 chaque famille le choix d\u2019un forfait, avec un r\u00e8glement \u00e9tal\u00e9 sur les douze mois de l\u2019ann\u00e9e. Lors de notre rencontre, nous vous proposons la formule correspondant \u00e0 vos besoins et imp\u00e9ratifs professionnels, et veillons \u00e0 \u00eatre souples avec vous sur les horaires et les jours de garde. [&hellip;]<\/p>\n","protected":false},"author":1,"featured_media":0,"parent":0,"menu_order":0,"comment_status":"closed","ping_status":"closed","template":"elementor_header_footer","meta":{"footnotes":""},"class_list":["post-317","page","type-page","status-publish","hentry"],"_links":{"self":[{"href":"https:\/\/lejardindespapillons.myskydoowebsite.com\/index.php?rest_route=\/wp\/v2\/pages\/317","targetHints":{"allow":["GET"]}}],"collection":[{"href":"https:\/\/lejardindespapillons.myskydoowebsite.com\/index.php?rest_route=\/wp\/v2\/pages"}],"about":[{"href":"https:\/\/lejardindespapillons.myskydoowebsite.com\/index.php?rest_route=\/wp\/v2\/types\/page"}],"author":[{"embeddable":true,"href":"https:\/\/lejardindespapillons.myskydoowebsite.com\/index.php?rest_route=\/wp\/v2\/users\/1"}],"replies":[{"embeddable":true,"href":"https:\/\/lejardindespapillons.myskydoowebsite.com\/index.php?rest_route=%2Fwp%2Fv2%2Fcomments&post=317"}],"version-history":[{"count":18,"href":"https:\/\/lejardindespapillons.myskydoowebsite.com\/index.php?rest_route=\/wp\/v2\/pages\/317\/revisions"}],"predecessor-version":[{"id":378,"href":"https:\/\/lejardindespapillons.myskydoowebsite.com\/index.php?rest_route=\/wp\/v2\/pages\/317\/revisions\/378"}],"wp:attachment":[{"href":"https:\/\/lejardindespapillons.myskydoowebsite.com\/index.php?rest_route=%2Fwp%2Fv2%2Fmedia&parent=317"}],"curies":[{"name":"wp","href":"https:\/\/api.w.org\/{rel}","templated":true}]}}